{"id":99,"date":"2025-02-25T17:03:46","date_gmt":"2025-02-25T17:03:46","guid":{"rendered":"https:\/\/zealous-goodall.213-199-48-165.plesk.page\/?page_id=99"},"modified":"2025-02-25T17:03:47","modified_gmt":"2025-02-25T17:03:47","slug":"torrevieja","status":"publish","type":"page","link":"https:\/\/losaltos.se\/index.php\/torrevieja\/","title":{"rendered":"Torrevieja"},"content":{"rendered":"\n<div class=\"wp-block-cover is-light\" style=\"min-height:184px;aspect-ratio:unset;\"><span aria-hidden=\"true\" class=\"wp-block-cover__background has-background-dim\" style=\"background-color:#9ca2a7\"><\/span><img loading=\"lazy\" decoding=\"async\" width=\"900\" height=\"184\" class=\"wp-block-cover__image-background wp-image-18\" alt=\"Los Altos Strand\" src=\"https:\/\/losaltos.se\/wp-content\/uploads\/2025\/02\/vinjett2.jpg\" data-object-fit=\"cover\" srcset=\"https:\/\/losaltos.se\/wp-content\/uploads\/2025\/02\/vinjett2.jpg 900w, https:\/\/losaltos.se\/wp-content\/uploads\/2025\/02\/vinjett2-300x61.jpg 300w, https:\/\/losaltos.se\/wp-content\/uploads\/2025\/02\/vinjett2-768x157.jpg 768w\" sizes=\"auto, (max-width: 900px) 100vw, 900px\" \/><div class=\"wp-block-cover__inner-container is-layout-constrained wp-block-cover-is-layout-constrained\">\n<p class=\"has-text-align-left has-ast-global-color-4-color has-text-color has-link-color has-large-font-size wp-elements-4ca3fb4fd017ba091829245ea002b803\" style=\"margin-top:0;margin-bottom:0\"><strong>Los Altos<\/strong><\/p>\n\n\n\n<p class=\"has-ast-global-color-4-color has-text-color has-link-color wp-elements-87773715d62714250982c8d6b22f9b41\" style=\"margin-top:0;margin-bottom:0;padding-top:0;padding-bottom:0\"><strong><em>Hyr v\u00e5rt underbara radhus s\u00f6der om Torrevieja<\/em><\/strong><\/p>\n<\/div><\/div>\n\n\n\n<div class=\"wp-block-columns is-layout-flex wp-container-core-columns-is-layout-f1061711 wp-block-columns-is-layout-flex\" style=\"padding-right:var(--wp--preset--spacing--20);padding-left:var(--wp--preset--spacing--20)\">\n<div class=\"wp-block-column is-layout-flow wp-block-column-is-layout-flow\" style=\"flex-basis:66.66%\">\n<h1 class=\"wp-block-heading has-text-align-center\" id=\"h-halsosamma-klimatet-i-torrevieja\" style=\"font-size:32px\">H\u00e4lsosamma klimatet i Torrevieja<\/h1>\n\n\n\n<p>Torrevieja befinner sig p\u00e5 Costa Blancas soliga kust, i s\u00f6dra delen av Alicanteprovinsen, cirka 43km s\u00f6der om Alicante och endast 35km till El-Altet flygplatsen.<\/p>\n\n\n\n<p>Den spanska milj\u00f6n p\u00e5 Costa Blanca runt Torrevieja med de tv\u00e5 stora saltsj\u00f6arna i Torrevieja och La Mata, klassas av V\u00e4rldsh\u00e4lsoorganisationen (WHO) till det mest h\u00e4lsosamma klimatet i Europa med \u00f6ver 340 dagars sol per \u00e5r. Lagunerna \u00e4r naturreservat som tillsammans med sina \u00f6vriga naturomr\u00e5den t\u00e4cker \u00f6ver femtioprocent av kommunens yta.<\/p>\n\n\n\n<p>Den h\u00f6ga halten av salt i sj\u00f6arna och existensen av deras typiska inv\u00e5nare, Artemia salina, en art av ett litet kr\u00e4ftdjur, ger vattnet den karakteristiska rosa f\u00e4rg som \u00e4r s\u00e4rskilt i\u00f6gonfallande i Torreviejas lagun. Det lokala mikroklimatet anses vara s\u00e4rskilt sund och rekommenderas av medicinska specialister v\u00e4rlden \u00f6ver.<\/p>\n\n\n\n<p>Stadens namn h\u00e4rstammar fr\u00e5n ett gammalt torn (Torre Vieja) ursprungligen bel\u00e4gen i n\u00e4rheten av &#8217;Eras de la Sal&#8217;. Dess historia b\u00f6rjar p\u00e5 1800 talet och f\u00f6rst 1931 beviljades den statusen av stad av Konung Alfonso XIII. Staden, med dess l\u00e5nga sj\u00f6farts tradition, privilegierad klimat och sk\u00f6na badstr\u00e4nder har blivit en ledande turist destination.<\/p>\n\n\n\n<p>Dynamiskt och g\u00e4stfritt, med sina c:a 90 000 innev\u00e5nare, som uppg\u00e5r till \u00f6ver 600 tusen under sommaren, och med stort utbud av fritids och kulturella aktiviteter lockar staden till sig alltfler europ\u00e9er, och det r\u00e4knas i tusentals alla skandinaver som har Torrevieja som sitt andra hem.<\/p>\n\n\n\n<p>Staden har genomg\u00e5tt en stark utveckling under de senaste decennier och har idag en stabil ekonomi och erbjuder en modern och v\u00e4lfungerande infrastruktur. Sjukv\u00e5rden h\u00e5ller mycket h\u00f6g kvalit\u00e9 och sjukhuset med 250 enkelrum och toppmodern utrustning servar kommunens innev\u00e5nare.<\/p>\n\n\n\n<p>Sol och bad kan njutas p\u00e5 n\u00e5gon av Torreviejas fina badstr\u00e4nder som bland annat La Matas mycket l\u00e5nga playa med en magnifik handikappv\u00e4nlig &#8221;Promenad&#8221;, Los Locos, El Cura i centrala Torrevieja och Los Naufragos vid stadens s\u00f6dra del. Det behagliga klimatet med milda vintrar och varma somrar, med temperaturen son varierar fr\u00e5n 18-25 grader under en stor del tiden av \u00e5ret.<\/p>\n<\/div>\n\n\n\n<div class=\"wp-block-column is-layout-flow wp-block-column-is-layout-flow\" style=\"flex-basis:33.33%\">\n<div style=\"height:38px\" aria-hidden=\"true\" class=\"wp-block-spacer\"><\/div>\n\n\n\n<figure class=\"wp-block-image size-full\"><img loading=\"lazy\" decoding=\"async\" width=\"290\" height=\"272\" src=\"https:\/\/losaltos.se\/wp-content\/uploads\/2025\/02\/torrevieja1.gif\" alt=\"V\u00e4lkommen till Torrevieja\" class=\"wp-image-104\"\/><\/figure>\n\n\n\n<figure class=\"wp-block-image aligncenter size-full\"><img loading=\"lazy\" decoding=\"async\" width=\"250\" height=\"167\" src=\"https:\/\/losaltos.se\/wp-content\/uploads\/2025\/02\/torrevieja2.jpg\" alt=\"Sandslott\" class=\"wp-image-105\"\/><\/figure>\n\n\n\n<figure class=\"wp-block-image aligncenter size-full\"><img loading=\"lazy\" decoding=\"async\" width=\"250\" height=\"167\" src=\"https:\/\/losaltos.se\/wp-content\/uploads\/2025\/02\/torrevieja3.jpg\" alt=\"Torrevieja strand\" class=\"wp-image-106\"\/><\/figure>\n<\/div>\n<\/div>\n","protected":false},"excerpt":{"rendered":"<p>H\u00e4lsosamma klimatet i Torrevieja Torrevieja befinner sig p\u00e5 Costa Blancas soliga kust, i s\u00f6dra delen av Alicanteprovinsen, cirka 43km s\u00f6der [&hellip;]<\/p>\n","protected":false},"author":1,"featured_media":0,"parent":0,"menu_order":0,"comment_status":"closed","ping_status":"open","template":"","meta":{"site-sidebar-layout":"default","site-content-layout":"","ast-site-content-layout":"","site-content-style":"default","site-sidebar-style":"default","ast-global-header-display":"","ast-banner-title-visibility":"","ast-main-header-display":"","ast-hfb-above-header-display":"","ast-hfb-below-header-display":"","ast-hfb-mobile-header-display":"","site-post-title":"disabled","ast-breadcrumbs-content":"","ast-featured-img":"","footer-sml-layout":"","theme-transparent-header-meta":"","adv-header-id-meta":"","stick-header-meta":"","header-above-stick-meta":"","header-main-stick-meta":"","header-below-stick-meta":"","astra-migrate-meta-layouts":"default","ast-page-background-enabled":"default","ast-page-background-meta":{"desktop":{"background-color":"var(--ast-global-color-5)","background-image":"","background-repeat":"repeat","background-position":"center center","background-size":"auto","background-attachment":"scroll","background-type":"","background-media":"","overlay-type":"","overlay-color":"","overlay-opacity":"","overlay-gradient":""},"tablet":{"background-color":"","background-image":"","background-repeat":"repeat","background-position":"center center","background-size":"auto","background-attachment":"scroll","background-type":"","background-media":"","overlay-type":"","overlay-color":"","overlay-opacity":"","overlay-gradient":""},"mobile":{"background-color":"","background-image":"","background-repeat":"repeat","background-position":"center center","background-size":"auto","background-attachment":"scroll","background-type":"","background-media":"","overlay-type":"","overlay-color":"","overlay-opacity":"","overlay-gradient":""}},"ast-content-background-meta":{"desktop":{"background-color":"var(--ast-global-color-4)","background-image":"","background-repeat":"repeat","background-position":"center center","background-size":"auto","background-attachment":"scroll","background-type":"","background-media":"","overlay-type":"","overlay-color":"","overlay-opacity":"","overlay-gradient":""},"tablet":{"background-color":"var(--ast-global-color-4)","background-image":"","background-repeat":"repeat","background-position":"center center","background-size":"auto","background-attachment":"scroll","background-type":"","background-media":"","overlay-type":"","overlay-color":"","overlay-opacity":"","overlay-gradient":""},"mobile":{"background-color":"var(--ast-global-color-4)","background-image":"","background-repeat":"repeat","background-position":"center center","background-size":"auto","background-attachment":"scroll","background-type":"","background-media":"","overlay-type":"","overlay-color":"","overlay-opacity":"","overlay-gradient":""}},"footnotes":""},"class_list":["post-99","page","type-page","status-publish","hentry"],"yoast_head":"<!-- This site is optimized with the Yoast SEO Premium plugin v24.5 (Yoast SEO v26.0) - https:\/\/yoast.com\/wordpress\/plugins\/seo\/ -->\n<title>Torrevieja - Radhus Uthyres i Torrevieja - Los Altos<\/title>\n<meta name=\"robots\" content=\"index, follow, max-snippet:-1, max-image-preview:large, max-video-preview:-1\" \/>\n<link rel=\"canonical\" href=\"https:\/\/losaltos.se\/index.php\/torrevieja\/\" \/>\n<meta property=\"og:locale\" content=\"sv_SE\" \/>\n<meta property=\"og:type\" content=\"article\" \/>\n<meta property=\"og:title\" content=\"Torrevieja\" \/>\n<meta property=\"og:description\" content=\"H\u00e4lsosamma klimatet i Torrevieja Torrevieja befinner sig p\u00e5 Costa Blancas soliga kust, i s\u00f6dra delen av Alicanteprovinsen, cirka 43km s\u00f6der [&hellip;]\" \/>\n<meta property=\"og:url\" content=\"https:\/\/losaltos.se\/index.php\/torrevieja\/\" \/>\n<meta property=\"og:site_name\" content=\"Radhus Uthyres i Torrevieja - Los Altos\" \/>\n<meta property=\"article:modified_time\" content=\"2025-02-25T17:03:47+00:00\" \/>\n<meta property=\"og:image\" content=\"https:\/\/losaltos.se\/wp-content\/uploads\/2025\/02\/vinjett2.jpg\" \/>\n<meta name=\"twitter:card\" content=\"summary_large_image\" \/>\n<meta name=\"twitter:label1\" content=\"Ber\u00e4knad l\u00e4stid\" \/>\n\t<meta name=\"twitter:data1\" content=\"3 minuter\" \/>\n<script type=\"application\/ld+json\" class=\"yoast-schema-graph\">{\"@context\":\"https:\/\/schema.org\",\"@graph\":[{\"@type\":\"WebPage\",\"@id\":\"https:\/\/losaltos.se\/index.php\/torrevieja\/\",\"url\":\"https:\/\/losaltos.se\/index.php\/torrevieja\/\",\"name\":\"Torrevieja - Radhus Uthyres i Torrevieja - Los Altos\",\"isPartOf\":{\"@id\":\"https:\/\/losaltos.se\/#website\"},\"primaryImageOfPage\":{\"@id\":\"https:\/\/losaltos.se\/index.php\/torrevieja\/#primaryimage\"},\"image\":{\"@id\":\"https:\/\/losaltos.se\/index.php\/torrevieja\/#primaryimage\"},\"thumbnailUrl\":\"https:\/\/losaltos.se\/wp-content\/uploads\/2025\/02\/vinjett2.jpg\",\"datePublished\":\"2025-02-25T17:03:46+00:00\",\"dateModified\":\"2025-02-25T17:03:47+00:00\",\"breadcrumb\":{\"@id\":\"https:\/\/losaltos.se\/index.php\/torrevieja\/#breadcrumb\"},\"inLanguage\":\"sv-SE\",\"potentialAction\":[{\"@type\":\"ReadAction\",\"target\":[\"https:\/\/losaltos.se\/index.php\/torrevieja\/\"]}]},{\"@type\":\"ImageObject\",\"inLanguage\":\"sv-SE\",\"@id\":\"https:\/\/losaltos.se\/index.php\/torrevieja\/#primaryimage\",\"url\":\"https:\/\/losaltos.se\/wp-content\/uploads\/2025\/02\/vinjett2.jpg\",\"contentUrl\":\"https:\/\/losaltos.se\/wp-content\/uploads\/2025\/02\/vinjett2.jpg\",\"width\":900,\"height\":184,\"caption\":\"Los Altos Strand\"},{\"@type\":\"BreadcrumbList\",\"@id\":\"https:\/\/losaltos.se\/index.php\/torrevieja\/#breadcrumb\",\"itemListElement\":[{\"@type\":\"ListItem\",\"position\":1,\"name\":\"Hem\",\"item\":\"https:\/\/losaltos.se\/\"},{\"@type\":\"ListItem\",\"position\":2,\"name\":\"Torrevieja\"}]},{\"@type\":\"WebSite\",\"@id\":\"https:\/\/losaltos.se\/#website\",\"url\":\"https:\/\/losaltos.se\/\",\"name\":\"Radhus Uthyres i Torrevieja - Los Altos\",\"description\":\"\",\"potentialAction\":[{\"@type\":\"SearchAction\",\"target\":{\"@type\":\"EntryPoint\",\"urlTemplate\":\"https:\/\/losaltos.se\/?s={search_term_string}\"},\"query-input\":{\"@type\":\"PropertyValueSpecification\",\"valueRequired\":true,\"valueName\":\"search_term_string\"}}],\"inLanguage\":\"sv-SE\"}]}<\/script>\n<!-- \/ Yoast SEO Premium plugin. -->","yoast_head_json":{"title":"Torrevieja - Radhus Uthyres i Torrevieja - Los Altos","robots":{"index":"index","follow":"follow","max-snippet":"max-snippet:-1","max-image-preview":"max-image-preview:large","max-video-preview":"max-video-preview:-1"},"canonical":"https:\/\/losaltos.se\/index.php\/torrevieja\/","og_locale":"sv_SE","og_type":"article","og_title":"Torrevieja","og_description":"H\u00e4lsosamma klimatet i Torrevieja Torrevieja befinner sig p\u00e5 Costa Blancas soliga kust, i s\u00f6dra delen av Alicanteprovinsen, cirka 43km s\u00f6der [&hellip;]","og_url":"https:\/\/losaltos.se\/index.php\/torrevieja\/","og_site_name":"Radhus Uthyres i Torrevieja - Los Altos","article_modified_time":"2025-02-25T17:03:47+00:00","og_image":[{"url":"https:\/\/losaltos.se\/wp-content\/uploads\/2025\/02\/vinjett2.jpg","type":"","width":"","height":""}],"twitter_card":"summary_large_image","twitter_misc":{"Ber\u00e4knad l\u00e4stid":"3 minuter"},"schema":{"@context":"https:\/\/schema.org","@graph":[{"@type":"WebPage","@id":"https:\/\/losaltos.se\/index.php\/torrevieja\/","url":"https:\/\/losaltos.se\/index.php\/torrevieja\/","name":"Torrevieja - Radhus Uthyres i Torrevieja - Los Altos","isPartOf":{"@id":"https:\/\/losaltos.se\/#website"},"primaryImageOfPage":{"@id":"https:\/\/losaltos.se\/index.php\/torrevieja\/#primaryimage"},"image":{"@id":"https:\/\/losaltos.se\/index.php\/torrevieja\/#primaryimage"},"thumbnailUrl":"https:\/\/losaltos.se\/wp-content\/uploads\/2025\/02\/vinjett2.jpg","datePublished":"2025-02-25T17:03:46+00:00","dateModified":"2025-02-25T17:03:47+00:00","breadcrumb":{"@id":"https:\/\/losaltos.se\/index.php\/torrevieja\/#breadcrumb"},"inLanguage":"sv-SE","potentialAction":[{"@type":"ReadAction","target":["https:\/\/losaltos.se\/index.php\/torrevieja\/"]}]},{"@type":"ImageObject","inLanguage":"sv-SE","@id":"https:\/\/losaltos.se\/index.php\/torrevieja\/#primaryimage","url":"https:\/\/losaltos.se\/wp-content\/uploads\/2025\/02\/vinjett2.jpg","contentUrl":"https:\/\/losaltos.se\/wp-content\/uploads\/2025\/02\/vinjett2.jpg","width":900,"height":184,"caption":"Los Altos Strand"},{"@type":"BreadcrumbList","@id":"https:\/\/losaltos.se\/index.php\/torrevieja\/#breadcrumb","itemListElement":[{"@type":"ListItem","position":1,"name":"Hem","item":"https:\/\/losaltos.se\/"},{"@type":"ListItem","position":2,"name":"Torrevieja"}]},{"@type":"WebSite","@id":"https:\/\/losaltos.se\/#website","url":"https:\/\/losaltos.se\/","name":"Radhus Uthyres i Torrevieja - Los Altos","description":"","potentialAction":[{"@type":"SearchAction","target":{"@type":"EntryPoint","urlTemplate":"https:\/\/losaltos.se\/?s={search_term_string}"},"query-input":{"@type":"PropertyValueSpecification","valueRequired":true,"valueName":"search_term_string"}}],"inLanguage":"sv-SE"}]}},"_links":{"self":[{"href":"https:\/\/losaltos.se\/index.php\/wp-json\/wp\/v2\/pages\/99","targetHints":{"allow":["GET"]}}],"collection":[{"href":"https:\/\/losaltos.se\/index.php\/wp-json\/wp\/v2\/pages"}],"about":[{"href":"https:\/\/losaltos.se\/index.php\/wp-json\/wp\/v2\/types\/page"}],"author":[{"embeddable":true,"href":"https:\/\/losaltos.se\/index.php\/wp-json\/wp\/v2\/users\/1"}],"replies":[{"embeddable":true,"href":"https:\/\/losaltos.se\/index.php\/wp-json\/wp\/v2\/comments?post=99"}],"version-history":[{"count":0,"href":"https:\/\/losaltos.se\/index.php\/wp-json\/wp\/v2\/pages\/99\/revisions"}],"wp:attachment":[{"href":"https:\/\/losaltos.se\/index.php\/wp-json\/wp\/v2\/media?parent=99"}],"curies":[{"name":"wp","href":"https:\/\/api.w.org\/{rel}","templated":true}]}}