{"id":2,"date":"2025-02-25T09:24:06","date_gmt":"2025-02-25T09:24:06","guid":{"rendered":"https:\/\/zealous-goodall.213-199-48-165.plesk.page\/?page_id=2"},"modified":"2025-02-25T11:54:29","modified_gmt":"2025-02-25T11:54:29","slug":"sample-page","status":"publish","type":"page","link":"https:\/\/losaltos.se\/","title":{"rendered":"Hem"},"content":{"rendered":"\n<div class=\"wp-block-cover is-light\" style=\"min-height:184px;aspect-ratio:unset;\"><span aria-hidden=\"true\" class=\"wp-block-cover__background has-background-dim\" style=\"background-color:#9ca2a7\"><\/span><img loading=\"lazy\" decoding=\"async\" width=\"900\" height=\"184\" class=\"wp-block-cover__image-background wp-image-18\" alt=\"Los Altos Strand\" src=\"https:\/\/losaltos.se\/wp-content\/uploads\/2025\/02\/vinjett2.jpg\" data-object-fit=\"cover\" srcset=\"https:\/\/losaltos.se\/wp-content\/uploads\/2025\/02\/vinjett2.jpg 900w, https:\/\/losaltos.se\/wp-content\/uploads\/2025\/02\/vinjett2-300x61.jpg 300w, https:\/\/losaltos.se\/wp-content\/uploads\/2025\/02\/vinjett2-768x157.jpg 768w\" sizes=\"auto, (max-width: 900px) 100vw, 900px\" \/><div class=\"wp-block-cover__inner-container is-layout-constrained wp-block-cover-is-layout-constrained\">\n<p class=\"has-text-align-left has-ast-global-color-4-color has-text-color has-link-color has-large-font-size wp-elements-4ca3fb4fd017ba091829245ea002b803\" style=\"margin-top:0;margin-bottom:0\"><strong>Los Altos<\/strong><\/p>\n\n\n\n<p class=\"has-ast-global-color-4-color has-text-color has-link-color wp-elements-87773715d62714250982c8d6b22f9b41\" style=\"margin-top:0;margin-bottom:0;padding-top:0;padding-bottom:0\"><strong><em>Hyr v\u00e5rt underbara radhus s\u00f6der om Torrevieja<\/em><\/strong><\/p>\n<\/div><\/div>\n\n\n\n<div class=\"wp-block-columns is-layout-flex wp-container-core-columns-is-layout-f1061711 wp-block-columns-is-layout-flex\" style=\"padding-right:var(--wp--preset--spacing--20);padding-left:var(--wp--preset--spacing--20)\">\n<div class=\"wp-block-column is-layout-flow wp-block-column-is-layout-flow\" style=\"flex-basis:66.66%\">\n<h1 class=\"wp-block-heading has-text-align-center\" id=\"h-valkommen-till-vart-paradis-i-spanien\" style=\"font-size:32px\">V\u00e4lkommen till v\u00e5rt paradis i Spanien<\/h1>\n\n\n\n<figure class=\"wp-block-image aligncenter size-full\"><img loading=\"lazy\" decoding=\"async\" width=\"600\" height=\"450\" src=\"https:\/\/losaltos.se\/wp-content\/uploads\/2025\/02\/poolbild5.jpg\" alt=\"Los Altos - V\u00e5rt paradis i Spanien\" class=\"wp-image-21\" srcset=\"https:\/\/losaltos.se\/wp-content\/uploads\/2025\/02\/poolbild5.jpg 600w, https:\/\/losaltos.se\/wp-content\/uploads\/2025\/02\/poolbild5-300x225.jpg 300w\" sizes=\"auto, (max-width: 600px) 100vw, 600px\" \/><\/figure>\n\n\n\n<p>V\u00e5rt h\u00f6rnradhus ligger i s\u00f6derl\u00e4ge i omr\u00e5det Los Altos, c:a 4 km s\u00f6der om Torrevieja stad. Huset best\u00e5r av stor plattlagd tomt med privat pool, veranda, solterrass om c:a 40 kvm,&nbsp;k\u00f6k, matrum, TV-rum, 2 sovrum och ett badrum.<\/p>\n\n\n\n<p>Hos oss har du tillg\u00e5ng till fritt tr\u00e5dl\u00f6st internet i hela huset. Du har \u00e4ven tillg\u00e5ng till ett stort DVD-bibliotek och surroundljud<\/p>\n\n\n\n<p>I &nbsp;tr\u00e4dg\u00e5rden finns en murad BBQ, privat pool som \u00e4r uppv\u00e4rmd november till mars och 4 sols\u00e4ngar med tillh\u00f6rande sm\u00e5 bord. P\u00e5 verandan finns en utem\u00f6bel f\u00f6r 6 personer. Den fina takterrassen har en soffgrupp f\u00f6r 6 personer.&nbsp; B\u00e5de i tr\u00e4dg\u00e5rden och p\u00e5 terrassen finns solduschar.<\/p>\n\n\n\n<p>Rakt \u00f6ver gatan finns bussh\u00e5llplats, 1&nbsp;servicebutik&nbsp;som \u00e4r \u00f6ppnen&nbsp;\u00e5ret runt, tv\u00e4tteri och en bra restaurang. P\u00e5 gatan nedanf\u00f6r huset finns apotek och det \u00e4r n\u00e4ra till sjukhus som \u00e4ven bussen g\u00e5r till. P\u00e5 baksidan av v\u00e5r urbanisation finns ett st\u00f6rre parkomr\u00e5de med en liten servering och en nybyggd boulebana.&nbsp;Till havet \u00e4r det c:a 1 km.<br><br>Vi kan \u00e4ven ombes\u00f6rja tillg\u00e5ng till bil och s\u00e5 \u00f6nskas.<\/p>\n\n\n\n<p>Kika in p\u00e5 v\u00e5ra sidor och f\u00e5 inspiration till din semester!<\/p>\n<\/div>\n\n\n\n<div class=\"wp-block-column is-layout-flow wp-block-column-is-layout-flow\" style=\"flex-basis:33.33%\">\n<h4 class=\"wp-block-heading has-text-align-center\" id=\"h-vader-stockholm\" style=\"margin-top:var(--wp--preset--spacing--40)\">V\u00e4der Stockholm<\/h4>\n\n\n\n<div id=\"ww_2067136fed8e0\" v='1.3' loc='id' a='{\"t\":\"horizontal\",\"lang\":\"sv\",\"sl_lpl\":1,\"ids\":[],\"font\":\"Arial\",\"sl_ics\":\"one_a\",\"sl_sot\":\"celsius\",\"cl_bkg\":\"image\",\"cl_font\":\"#FFFFFF\",\"cl_cloud\":\"#FFFFFF\",\"cl_persp\":\"#81D4FA\",\"cl_sun\":\"#FFC107\",\"cl_moon\":\"#FFC107\",\"cl_thund\":\"#FF5722\",\"el_whr\":3}'><a href=\"https:\/\/weatherwidget.org\/\" id=\"ww_2067136fed8e0_u\" target=\"_blank\">Html weather widget<\/a><\/div><script async src=\"https:\/\/app3.weatherwidget.org\/js\/?id=ww_2067136fed8e0\"><\/script>\n\n\n\n<h4 class=\"wp-block-heading has-text-align-center\" id=\"h-vader-torrevieja-spanien\">V\u00e4der Torrevieja Spanien<\/h4>\n\n\n\n<div id=\"ww_f6123aa05b69b\" v='1.3' loc='id' a='{\"t\":\"horizontal\",\"lang\":\"sv\",\"sl_lpl\":1,\"ids\":[\"wl2412\"],\"font\":\"Arial\",\"sl_ics\":\"one_a\",\"sl_sot\":\"celsius\",\"cl_bkg\":\"image\",\"cl_font\":\"#FFFFFF\",\"cl_cloud\":\"#FFFFFF\",\"cl_persp\":\"#81D4FA\",\"cl_sun\":\"#FFC107\",\"cl_moon\":\"#FFC107\",\"cl_thund\":\"#FF5722\",\"el_whr\":3}'>More forecasts: <a href=\"https:\/\/oneweather.org\/es\/madrid\/25_days\/\" id=\"ww_f6123aa05b69b_u\" target=\"_blank\">Previsi\u00f3n tiempo 30 d\u00edas Madrid<\/a><\/div><script async src=\"https:\/\/app3.weatherwidget.org\/js\/?id=ww_f6123aa05b69b\"><\/script>\n\n\n\n<iframe loading=\"lazy\" src=\"https:\/\/www.facebook.com\/plugins\/page.php?href=https%3A%2F%2Fwww.facebook.com%2Flosaltos1994&#038;tabs=timeline&#038;width=280&#038;height=600&#038;small_header=true&#038;adapt_container_width=true&#038;hide_cover=false&#038;show_facepile=true&#038;appId\" width=\"340\" height=\"600\" style=\"border:none;overflow:hidden\" scrolling=\"no\" frameborder=\"0\" allowfullscreen=\"true\" allow=\"autoplay; clipboard-write; encrypted-media; picture-in-picture; web-share\"><\/iframe>\n<\/div>\n<\/div>\n\n\n\n<p><\/p>\n","protected":false},"excerpt":{"rendered":"<p>V\u00e4lkommen till v\u00e5rt paradis i Spanien V\u00e5rt h\u00f6rnradhus ligger i s\u00f6derl\u00e4ge i omr\u00e5det Los Altos, c:a 4 km s\u00f6der om [&hellip;]<\/p>\n","protected":false},"author":1,"featured_media":0,"parent":0,"menu_order":0,"comment_status":"closed","ping_status":"open","template":"","meta":{"site-sidebar-layout":"default","site-content-layout":"","ast-site-content-layout":"","site-content-style":"default","site-sidebar-style":"default","ast-global-header-display":"","ast-banner-title-visibility":"","ast-main-header-display":"","ast-hfb-above-header-display":"","ast-hfb-below-header-display":"","ast-hfb-mobile-header-display":"","site-post-title":"disabled","ast-breadcrumbs-content":"","ast-featured-img":"","footer-sml-layout":"","theme-transparent-header-meta":"","adv-header-id-meta":"","stick-header-meta":"","header-above-stick-meta":"","header-main-stick-meta":"","header-below-stick-meta":"","astra-migrate-meta-layouts":"default","ast-page-background-enabled":"default","ast-page-background-meta":{"desktop":{"background-color":"var(--ast-global-color-5)","background-image":"","background-repeat":"repeat","background-position":"center center","background-size":"auto","background-attachment":"scroll","background-type":"","background-media":"","overlay-type":"","overlay-color":"","overlay-opacity":"","overlay-gradient":""},"tablet":{"background-color":"","background-image":"","background-repeat":"repeat","background-position":"center center","background-size":"auto","background-attachment":"scroll","background-type":"","background-media":"","overlay-type":"","overlay-color":"","overlay-opacity":"","overlay-gradient":""},"mobile":{"background-color":"","background-image":"","background-repeat":"repeat","background-position":"center center","background-size":"auto","background-attachment":"scroll","background-type":"","background-media":"","overlay-type":"","overlay-color":"","overlay-opacity":"","overlay-gradient":""}},"ast-content-background-meta":{"desktop":{"background-color":"var(--ast-global-color-4)","background-image":"","background-repeat":"repeat","background-position":"center center","background-size":"auto","background-attachment":"scroll","background-type":"","background-media":"","overlay-type":"","overlay-color":"","overlay-opacity":"","overlay-gradient":""},"tablet":{"background-color":"var(--ast-global-color-4)","background-image":"","background-repeat":"repeat","background-position":"center center","background-size":"auto","background-attachment":"scroll","background-type":"","background-media":"","overlay-type":"","overlay-color":"","overlay-opacity":"","overlay-gradient":""},"mobile":{"background-color":"var(--ast-global-color-4)","background-image":"","background-repeat":"repeat","background-position":"center center","background-size":"auto","background-attachment":"scroll","background-type":"","background-media":"","overlay-type":"","overlay-color":"","overlay-opacity":"","overlay-gradient":""}},"footnotes":""},"class_list":["post-2","page","type-page","status-publish","hentry"],"yoast_head":"<!-- This site is optimized with the Yoast SEO Premium plugin v24.5 (Yoast SEO v26.0) - https:\/\/yoast.com\/wordpress\/plugins\/seo\/ -->\n<title>Hem - Radhus Uthyres i Torrevieja - Los Altos<\/title>\n<meta name=\"robots\" content=\"index, follow, max-snippet:-1, max-image-preview:large, max-video-preview:-1\" \/>\n<link rel=\"canonical\" href=\"https:\/\/losaltos.se\/\" \/>\n<meta property=\"og:locale\" content=\"sv_SE\" \/>\n<meta property=\"og:type\" content=\"article\" \/>\n<meta property=\"og:title\" content=\"Hem\" \/>\n<meta property=\"og:description\" content=\"V\u00e4lkommen till v\u00e5rt paradis i Spanien V\u00e5rt h\u00f6rnradhus ligger i s\u00f6derl\u00e4ge i omr\u00e5det Los Altos, c:a 4 km s\u00f6der om [&hellip;]\" \/>\n<meta property=\"og:url\" content=\"https:\/\/losaltos.se\/\" \/>\n<meta property=\"og:site_name\" content=\"Radhus Uthyres i Torrevieja - Los Altos\" \/>\n<meta property=\"article:modified_time\" content=\"2025-02-25T11:54:29+00:00\" \/>\n<meta property=\"og:image\" content=\"https:\/\/losaltos.se\/wp-content\/uploads\/2025\/02\/vinjett2.jpg\" \/>\n<meta name=\"twitter:card\" content=\"summary_large_image\" \/>\n<meta name=\"twitter:label1\" content=\"Ber\u00e4knad l\u00e4stid\" \/>\n\t<meta name=\"twitter:data1\" content=\"2 minuter\" \/>\n<script type=\"application\/ld+json\" class=\"yoast-schema-graph\">{\"@context\":\"https:\/\/schema.org\",\"@graph\":[{\"@type\":\"WebPage\",\"@id\":\"https:\/\/losaltos.se\/\",\"url\":\"https:\/\/losaltos.se\/\",\"name\":\"Hem - Radhus Uthyres i Torrevieja - Los Altos\",\"isPartOf\":{\"@id\":\"https:\/\/losaltos.se\/#website\"},\"primaryImageOfPage\":{\"@id\":\"https:\/\/losaltos.se\/#primaryimage\"},\"image\":{\"@id\":\"https:\/\/losaltos.se\/#primaryimage\"},\"thumbnailUrl\":\"https:\/\/losaltos.se\/wp-content\/uploads\/2025\/02\/vinjett2.jpg\",\"datePublished\":\"2025-02-25T09:24:06+00:00\",\"dateModified\":\"2025-02-25T11:54:29+00:00\",\"breadcrumb\":{\"@id\":\"https:\/\/losaltos.se\/#breadcrumb\"},\"inLanguage\":\"sv-SE\",\"potentialAction\":[{\"@type\":\"ReadAction\",\"target\":[\"https:\/\/losaltos.se\/\"]}]},{\"@type\":\"ImageObject\",\"inLanguage\":\"sv-SE\",\"@id\":\"https:\/\/losaltos.se\/#primaryimage\",\"url\":\"https:\/\/losaltos.se\/wp-content\/uploads\/2025\/02\/vinjett2.jpg\",\"contentUrl\":\"https:\/\/losaltos.se\/wp-content\/uploads\/2025\/02\/vinjett2.jpg\",\"width\":900,\"height\":184,\"caption\":\"Los Altos Strand\"},{\"@type\":\"BreadcrumbList\",\"@id\":\"https:\/\/losaltos.se\/#breadcrumb\",\"itemListElement\":[{\"@type\":\"ListItem\",\"position\":1,\"name\":\"Hem\",\"item\":\"https:\/\/losaltos.se\/\"},{\"@type\":\"ListItem\",\"position\":2,\"name\":\"Hem\"}]},{\"@type\":\"WebSite\",\"@id\":\"https:\/\/losaltos.se\/#website\",\"url\":\"https:\/\/losaltos.se\/\",\"name\":\"Radhus Uthyres i Torrevieja - Los Altos\",\"description\":\"\",\"potentialAction\":[{\"@type\":\"SearchAction\",\"target\":{\"@type\":\"EntryPoint\",\"urlTemplate\":\"https:\/\/losaltos.se\/?s={search_term_string}\"},\"query-input\":{\"@type\":\"PropertyValueSpecification\",\"valueRequired\":true,\"valueName\":\"search_term_string\"}}],\"inLanguage\":\"sv-SE\"}]}<\/script>\n<!-- \/ Yoast SEO Premium plugin. -->","yoast_head_json":{"title":"Hem - Radhus Uthyres i Torrevieja - Los Altos","robots":{"index":"index","follow":"follow","max-snippet":"max-snippet:-1","max-image-preview":"max-image-preview:large","max-video-preview":"max-video-preview:-1"},"canonical":"https:\/\/losaltos.se\/","og_locale":"sv_SE","og_type":"article","og_title":"Hem","og_description":"V\u00e4lkommen till v\u00e5rt paradis i Spanien V\u00e5rt h\u00f6rnradhus ligger i s\u00f6derl\u00e4ge i omr\u00e5det Los Altos, c:a 4 km s\u00f6der om [&hellip;]","og_url":"https:\/\/losaltos.se\/","og_site_name":"Radhus Uthyres i Torrevieja - Los Altos","article_modified_time":"2025-02-25T11:54:29+00:00","og_image":[{"url":"https:\/\/losaltos.se\/wp-content\/uploads\/2025\/02\/vinjett2.jpg","type":"","width":"","height":""}],"twitter_card":"summary_large_image","twitter_misc":{"Ber\u00e4knad l\u00e4stid":"2 minuter"},"schema":{"@context":"https:\/\/schema.org","@graph":[{"@type":"WebPage","@id":"https:\/\/losaltos.se\/","url":"https:\/\/losaltos.se\/","name":"Hem - Radhus Uthyres i Torrevieja - Los Altos","isPartOf":{"@id":"https:\/\/losaltos.se\/#website"},"primaryImageOfPage":{"@id":"https:\/\/losaltos.se\/#primaryimage"},"image":{"@id":"https:\/\/losaltos.se\/#primaryimage"},"thumbnailUrl":"https:\/\/losaltos.se\/wp-content\/uploads\/2025\/02\/vinjett2.jpg","datePublished":"2025-02-25T09:24:06+00:00","dateModified":"2025-02-25T11:54:29+00:00","breadcrumb":{"@id":"https:\/\/losaltos.se\/#breadcrumb"},"inLanguage":"sv-SE","potentialAction":[{"@type":"ReadAction","target":["https:\/\/losaltos.se\/"]}]},{"@type":"ImageObject","inLanguage":"sv-SE","@id":"https:\/\/losaltos.se\/#primaryimage","url":"https:\/\/losaltos.se\/wp-content\/uploads\/2025\/02\/vinjett2.jpg","contentUrl":"https:\/\/losaltos.se\/wp-content\/uploads\/2025\/02\/vinjett2.jpg","width":900,"height":184,"caption":"Los Altos Strand"},{"@type":"BreadcrumbList","@id":"https:\/\/losaltos.se\/#breadcrumb","itemListElement":[{"@type":"ListItem","position":1,"name":"Hem","item":"https:\/\/losaltos.se\/"},{"@type":"ListItem","position":2,"name":"Hem"}]},{"@type":"WebSite","@id":"https:\/\/losaltos.se\/#website","url":"https:\/\/losaltos.se\/","name":"Radhus Uthyres i Torrevieja - Los Altos","description":"","potentialAction":[{"@type":"SearchAction","target":{"@type":"EntryPoint","urlTemplate":"https:\/\/losaltos.se\/?s={search_term_string}"},"query-input":{"@type":"PropertyValueSpecification","valueRequired":true,"valueName":"search_term_string"}}],"inLanguage":"sv-SE"}]}},"_links":{"self":[{"href":"https:\/\/losaltos.se\/index.php\/wp-json\/wp\/v2\/pages\/2","targetHints":{"allow":["GET"]}}],"collection":[{"href":"https:\/\/losaltos.se\/index.php\/wp-json\/wp\/v2\/pages"}],"about":[{"href":"https:\/\/losaltos.se\/index.php\/wp-json\/wp\/v2\/types\/page"}],"author":[{"embeddable":true,"href":"https:\/\/losaltos.se\/index.php\/wp-json\/wp\/v2\/users\/1"}],"replies":[{"embeddable":true,"href":"https:\/\/losaltos.se\/index.php\/wp-json\/wp\/v2\/comments?post=2"}],"version-history":[{"count":0,"href":"https:\/\/losaltos.se\/index.php\/wp-json\/wp\/v2\/pages\/2\/revisions"}],"wp:attachment":[{"href":"https:\/\/losaltos.se\/index.php\/wp-json\/wp\/v2\/media?parent=2"}],"curies":[{"name":"wp","href":"https:\/\/api.w.org\/{rel}","templated":true}]}}